{"id":2601,"date":"2021-02-23T08:30:44","date_gmt":"2021-02-23T08:30:44","guid":{"rendered":"https:\/\/fundacioniftl.org\/?page_id=2601"},"modified":"2025-04-29T16:18:13","modified_gmt":"2025-04-29T16:18:13","slug":"politica-de-privacitat","status":"publish","type":"page","link":"https:\/\/fundacioniftl.org\/ca\/politica-de-privacitat\/","title":{"rendered":"Pol\u00edtica de Privacitat"},"content":{"rendered":"<div class=\"fusion-fullwidth fullwidth-box fusion-builder-row-1 fusion-flex-container nonhundred-percent-fullwidth non-hundred-percent-height-scrolling fusion-animated\" style=\"--awb-border-radius-top-left:0px;--awb-border-radius-top-right:0px;--awb-border-radius-bottom-right:0px;--awb-border-radius-bottom-left:0px;--awb-padding-top:80px;--awb-padding-top-medium:40px;--awb-padding-right-medium:20px;--awb-padding-left-medium:20px;--awb-padding-top-small:24px;--awb-background-image:linear-gradient(180deg, rgba(255,255,255,0.24) 93%,#ffffff 93%);--awb-flex-wrap:wrap;\" data-animationType=\"fadeInDown\" data-animationDuration=\"1.0\" data-animationOffset=\"top-into-view\" ><div class=\"fusion-builder-row fusion-row fusion-flex-align-items-flex-start fusion-flex-justify-content-center fusion-flex-content-wrap\" style=\"max-width:1216.8px;margin-left: calc(-4% \/ 2 );margin-right: calc(-4% \/ 2 );\"><div class=\"fusion-layout-column fusion_builder_column fusion-builder-column-0 fusion_builder_column_1_1 1_1 fusion-flex-column fusion-animated\" style=\"--awb-bg-size:cover;--awb-width-large:100%;--awb-margin-top-large:0px;--awb-spacing-right-large:2.88%;--awb-margin-bottom-large:0px;--awb-spacing-left-large:1.92%;--awb-width-medium:100%;--awb-order-medium:0;--awb-margin-top-medium:0px;--awb-spacing-right-medium:7.68%;--awb-spacing-left-medium:7.68%;--awb-width-small:100%;--awb-order-small:0;--awb-spacing-right-small:1.92%;--awb-spacing-left-small:1.92%;\" data-animationType=\"fadeInLeft\" data-animationDuration=\"2.0\" data-animationOffset=\"top-into-view\"><div class=\"fusion-column-wrapper fusion-column-has-shadow fusion-flex-justify-content-flex-start fusion-content-layout-column\"><div class=\"fusion-text fusion-text-1 md-text-align-center sm-text-align-center\" style=\"--awb-content-alignment:left;--awb-font-size:46px;--awb-line-height:1.4em;--awb-text-color:#ffffff;\"><p><span style=\"color: #000000;\"><strong>Pol\u00edtica de privacitat<\/strong><\/span><\/p>\n<\/div><div class=\"fusion-separator fusion-full-width-sep\" style=\"align-self: center;margin-left: auto;margin-right: auto;margin-top:20px;margin-bottom:20px;width:100%;\"><\/div><div class=\"fusion-text fusion-text-2\"><p><strong>INTRODUCCI\u00d3<\/strong><\/p>\n<p>La seva privacitat \u00e9s important per a nosaltres, aix\u00ed que mitjan\u00e7ant aquest document us expliquem quines dades recollim dels usuaris, com els utilitzem i per a qu\u00e8, entre d\u2019altres indicacions.<\/p>\n<p>Per a la seva informaci\u00f3, mai demanarem m\u00e9s informaci\u00f3 de la que realment necessitarem pels serveis requerits; mai la compartirem amb tercers, excepte per obligaci\u00f3 legal o amb la seva autoritzaci\u00f3 pr\u00e8via; i mai utilitzarem les seves dades per a una altra finalitat no indicada pr\u00e8viament.<\/p>\n<p>Com a usuaris, haur\u00e0 de llegir atentament aquesta Pol\u00edtica de privacitat de manera regular i sempre que introdueixi les seves dades personals, ja que aquest document pot patir modificacions per que el prestador pot modificar qualsevol tipus d\u2019informaci\u00f3 que pogu\u00e9s apar\u00e8ixer al web per complir amb la normativa o actualitzar la pol\u00edtica, i sense que hi hagi l\u2019obligaci\u00f3 de preavisar o posar en coneixement dels usuaris aquestes obligacions, sent suficient la publicaci\u00f3 al lloc web del prestador.<\/p>\n<p><strong> <\/strong><\/p>\n<p><strong><u>RESPONSABLE DEL TRACTAMENT:<\/u><\/strong><\/p>\n<ul>\n<li>Identitat:<strong> <\/strong><strong>INSTITUTE FOR TRANSFORMATIONAL LEADERSHIP, S.L. (<\/strong>tamb\u00e9 el prestador)<\/li>\n<li>NIF:<strong> B66871393<\/strong><\/li>\n<li>Adre\u00e7a postal:<strong> C\/ Via Augusta 29, 3\u00ba, 08006, Barcelona<\/strong><\/li>\n<li>Correu electr\u00f2nic:<strong> <\/strong><strong>rgpd@iftl.eu<\/strong><\/li>\n<\/ul>\n<p><strong>INSTITUTE FOR TRANSFORMATIONAL LEADERSHIP, S.L., <\/strong>com a responsable del lloc web, de conformitat amb el que disposa el Reglament (UE) 2016\/679 de 27 d\u2019abril de 2016 (RGPD) relatiu a la protecci\u00f3 de les persones f\u00edsiques pel que fa al tractament de dades personals i a la lliure circulaci\u00f3 d\u2019aquestes dades i la resta de normativa vigent en mat\u00e8ria de protecci\u00f3 de dades personals, i per la Llei 34\/2002, de 11 de juliol, de Serveis de la Societat de la Informaci\u00f3 i del Comer\u00e7 Electr\u00f2nic (LSSICE), li informa que t\u00e9 implementades les mesures de seguretat necess\u00e0ries, d\u2019\u00edndole t\u00e8cnica i organitzatives, per a garantir i protegir la confidencialitat, integritat i disponibilitat de les dades introdu\u00efdes.<\/p>\n<\/p>\n<p><strong><u>M\u00c8TODES D\u2019 OBTENCI\u00d3 DE LES DADES, QUINES DADES RECAVEM i LA SEVA FINALITAT<\/u>:<\/strong><\/p>\n<p>Les dades que recollim, la forma en qu\u00e8 les obtenim i la finalitat del tractament \u00e9s la seg\u00fcent:<\/p>\n<ol>\n<li><strong>Formulari de contacte i\/o requeriment d\u2019informaci\u00f3:<\/strong>\n<ul>\n<li>Dades requerides: nom, mail, tel\u00e8fon;<\/li>\n<li>Finalitat: per respondre a les consultes i\/o proporcionar informacions requerides per l\u2019Usuari;<\/li>\n<li>Legitimaci\u00f3: consentiment de l\u2019 Usuari.<\/li>\n<\/ul>\n<\/li>\n<li><strong>Dur a terme la relaci\u00f3 contractual i les gestions administratives, fiscals i comptables <\/strong>an\u00e0logues i que siguin necess\u00e0ries virtut de la legislaci\u00f3 vigent\n<ul>\n<li>Dades requerides: nom i cognoms, tel\u00e8fon, adre\u00e7a, DNI, email, dades salut, signatura;<\/li>\n<li>Finalitat: dur a terme la gesti\u00f3 comercial fiscal i administrativa interna;<\/li>\n<li>Legitimaci\u00f3: consentiment de l\u2019 interessat i relaci\u00f3 contractual.<\/li>\n<\/ul>\n<\/li>\n<li><strong>WhatsApp<\/strong>: a l\u2019apartat WhatsApp de la present pol\u00edtica se\u2019n detalla l\u2019\u00fas.<\/li>\n<\/ol>\n<p>Pot revocar en qualsevol moment el seu consentiment remetent un escrit amb l\u2019assumpte \u201cBaixa\u201d en el mail ressenyat.<\/p>\n<p>D\u2019 acord amb la LSSICE, <strong>INSTITUTE FOR TRANSFORMATIONAL LEADERSHIP, S.L.<\/strong>, no realitza pr\u00e0ctiques de SPAM, per tant, no envia comunicacions comercials per correu electr\u00f2nic que no hagin estat pr\u00e8viament sol\u00b7licitats o autoritzats per l\u2019Usuari. En conseq\u00fc\u00e8ncia, en totes les comunicacions que rebr\u00e0 del prestador, l\u2019Usuari t\u00e9 la possibilitat de revocar el seu consentiment expr\u00e9s per rebre les nostres comunicacions.<\/p>\n<p>No tractarem les seves dades personals per a cap altre fi dels descrits, excepte per obligaci\u00f3 legal o requeriment judicial.<\/p>\n<p>Les seves dades personals no es tractaran per a la presa de decisions automatitzades.<\/p>\n<p><strong> <\/strong><\/p>\n<p><strong><u>TERMINI DE CONSERVACI\u00d3 DE LES DADES:<\/u><\/strong><\/p>\n<p>Les seves dades es conservaran mentre duri la finalitat per a la qual van ser recollides, per obligaci\u00f3 legal o requeriment judicial, i mentre no retiri el seu consentiment o fins que exerceixi el seu dret de supressi\u00f3 o oposici\u00f3, o limitaci\u00f3 al tractament. Tanmateix, conservarem les seves dades en els terminis legalment previstos en les disposicions aplicables.<\/p>\n<\/p>\n<p><strong><u>DESTINATARIS DE CESSIONS O TRANSFER\u00c8NCIES:<\/u><\/strong><\/p>\n<p><strong>IFTL<\/strong> podr\u00e0 contractar determinats serveis, la prestaci\u00f3 dels quals els realitzaran terceres empreses (encarregat de tractament) a les que se\u2019ls hi comunicar\u00e0 les seves dades personals. Amb aquestes empreses es signa el corresponent contracte d\u2019encarregat de tractament per garantir que l\u2019\u00fas de les seves dades personals a les que donem acc\u00e9s al tercer per la prestaci\u00f3 del servei, es realitzi d\u2019acord a la legislaci\u00f3 vigent en mat\u00e8ria de protecci\u00f3 de dades.<\/p>\n<p><strong> <\/strong><\/p>\n<p><strong>INSTITUTE FOR TRANSFORMATIONAL LEADERSHIP, S.L. <\/strong>podr\u00e0 cedir les seves dades a Fundaci\u00f3n Institute for Transformational Leadership amb NIF G42731315 i a les forces i cossos de seguretat sota ordre judicial o per obligaci\u00f3 d\u2019una norma legal, sense perjudici de poder bloquejar o cancel\u00b7lar el seu compte si pot haver-hi indicis de la comissi\u00f3 d\u2019algun delicte per part de l\u2019usuari. La informaci\u00f3 facilitada ser\u00e0 nom\u00e9s la que disposi en aquest moment el prestador.<\/p>\n<p>La informaci\u00f3 que vost\u00e8 ens proporcioni a trav\u00e9s d\u2019aquest lloc web ser\u00e0 allotjada en els servidors de <strong>INSTITUTE FOR TRANSFORMATIONAL LEADERSHIP, S.L.<\/strong>, contractats a XAVIER VILLEGAS DIAZ que presta el servei d\u2019allotjament d ela web. El tractament de les dades de l\u2019entitat es troba regulat mitjan\u00e7ant un contracte d\u2019encarregat del tractament entre el prestador i aquesta empresa. En cap cas aquest encarregat del tractament subcontractar\u00e0 serveis que comportin algun tractament de dades per tercers sense el nostre consentiment previ.<\/p>\n<\/p>\n<p><strong><u>DRETS DE LES PERSONES INTERESSADES:<\/u><\/strong><\/p>\n<p>Com a usuari-interessat, pot sol\u00b7licitar l\u2019exercici dels seg\u00fcents drets davant <strong>INSTITUTE FOR TRANSFORMATIONAL LEADERSHIP, S.L.<\/strong> presentant un escrit a l\u2019adre\u00e7a postal de l\u2019encap\u00e7alament o enviant un correu electr\u00f2nic a <strong>rgpd@iftl.eu<\/strong>, indicant com Assumpte: \u201cPROTECCI\u00d3 DE DADES: DRETS DELS AFECTATS\u201d<\/p>\n<p>Drets:<\/p>\n<ul>\n<li><strong>Dret d\u2019acc\u00e9s: <\/strong>permet a l\u2019interessat con\u00e8ixer i obtenir informaci\u00f3 sobre les seves dades de car\u00e0cter personal sotmeses a tractament.<\/li>\n<li><strong>Dret de rectificaci\u00f3<\/strong>: permet corregir errors i modificar les dades que resultin ser inexactes o incompletes.<\/li>\n<li><strong>Dret de supressi\u00f3: <\/strong>permet que se suprimeixin les dades que siguin inadequades o excessives.<\/li>\n<li><strong>Dret d\u2019oposici\u00f3: <\/strong>dret de l\u2019interessat a que no es dugui a terme el tractament de les seves dades de car\u00e0cter personal o se cessi en el mateix.<\/li>\n<li><strong>Limitaci\u00f3 del tractament: <\/strong>comporta el marcat de les dades personals conservades, amb la finalitat de limitar el seu futur tractament, per a l\u2019exercici o la defensa de reclamacions.<\/li>\n<li><strong>Portabilitat de les dades<\/strong>: facilitaci\u00f3 de les dades objecte de tractament a l\u2019interessat, per tal que aquest pugui transmetre a un altre responsable, sense impediments.<\/li>\n<li><strong>Dret a no ser objecte de decisions individuals automatitzades (inclosa l\u2019elaboraci\u00f3 de perfils): <\/strong>dret a no ser objecte d\u2019una decisi\u00f3 basada en el tractament automatitzat que produeixi efectes o afecti significativament.<\/li>\n<\/ul>\n<p>Com a usuari, t\u00e9 dret a retirar el consentiment donat en qualsevol moment. La retirada del consentiment no afectar\u00e0 la licitud del tractament efectuat abans de la retirada del consentiment.<\/p>\n<p>Tamb\u00e9 t\u00e9 dret a presentar una reclamaci\u00f3 davant l\u2019autoritat de control si considera que poden haver-se vist vulnerats els seus drets en relaci\u00f3 a la protecci\u00f3 de les seves dades (<a href=\"https:\/\/www.aepd.es\/es\">aepd.es<\/a>).<\/p>\n<\/p>\n<p><strong><u>INFORMACI\u00d3 ADDICIONAL:<\/u><\/strong><\/p>\n<p><strong>MESURES DE SEGURETAT<\/strong><\/p>\n<p>Les dades que ens faciliti es tractaran de forma confidencial. El prestador ha adoptat totes les mesures t\u00e8cniques i organitzatives i tots els nivells de protecci\u00f3 necessaris per a garantir la seguretat en el tractament de les dades i evitar la seva alteraci\u00f3, p\u00e8rdua, robatori, tractament o acc\u00e9s no autoritzat, d\u2019acord l\u2019estat de la tecnologia i naturalesa de les dades emmagatzemades. Aix\u00ed mateix, es garanteix tamb\u00e9 que el tractament i registre en fitxers, programes, sistemes o equips, locals i centres compleixen amb els requisits i condicions d\u2019integritat i seguretat establertes en la normativa vigent.<\/p>\n<p><strong>IDIOMA <\/strong><\/p>\n<p>L\u2019idioma aplicable a aquesta pol\u00edtica de privacitat \u00e9s el castell\u00e0. Per tant, en cas que hi hagu\u00e9s alguna contradicci\u00f3 en alguna de les versions facilitades en altres idiomes, prevaldr\u00e0 la versi\u00f3 en castell\u00e0.<\/p>\n<p><strong>XARXES SOCIALS<\/strong><\/p>\n<p>L\u2019informem que <strong>INSTITUTE FOR TRANSFORMATIONAL LEADERSHIP, S.L. <\/strong>pot tenir pres\u00e8ncia en xarxes socials. El tractament de les dades que es dugui a terme de les persones que es facin seguidores a les xarxes socials (i\/o realitzin qualsevol vincle o acci\u00f3 de connexi\u00f3 a trav\u00e9s de les xarxes socials) de les p\u00e0gines oficials de <strong>INSTITUTE FOR TRANSFORMATIONAL LEADERSHIP, S.L.<\/strong> es regir\u00e0 per aquest apartat, aix\u00ed com per aquelles condicions d\u2019\u00fas, pol\u00edtiques de privacitat i normatives d\u2019acc\u00e9s que pertanyin a la xarxa social que procedeixi en cada cas i acceptades pr\u00e8viament per l\u2019usuari.<\/p>\n<p><strong>INSTITUTE FOR TRANSFORMATIONAL LEADERSHIP, S.L.<\/strong> tractar\u00e0 les seves dades amb les finalitats d\u2019administrar correctament la seva pres\u00e8ncia a la xarxa social, informant d\u2019activitats, productes o serveis del prestador, aix\u00ed com per a qualsevol altra finalitat que les normatives de les Xarxes Socials permetin.<\/p>\n<p>Queda prohibida la publicaci\u00f3 de continguts:<\/p>\n<ul>\n<li>Que siguin presumptament il\u00b7l\u00edcits per la normativa nacional, comunit\u00e0ria o internacional o que realitzin activitats presumptament il\u00b7l\u00edcites o contravinguin els principis de la bona fe.<\/li>\n<li>Que atemptin contra els drets fonamentals de les persones, faltin a la cortesia dins la xarxa, molestin o puguin generar opinions negatives dels nostres usuaris o tercers i en general qualsevol contingut que <strong>INSTITUTE FOR TRANSFORMATIONAL LEADERSHIP, S.L.<\/strong> consideri inapropiats.<\/li>\n<li>I en general que contravinguin els principis de legalitat, honradesa, responsabilitat, protecci\u00f3 de la dignitat humana, protecci\u00f3 de menors, protecci\u00f3 de l\u2019ordre p\u00fablic, la protecci\u00f3 de la vida privada, la protecci\u00f3 del consumidor i els drets de propietat intel\u00b7lectual i industrial.<\/li>\n<\/ul>\n<p>Aix\u00ed mateix, <strong>INSTITUTE FOR TRANSFORMATIONAL LEADERSHIP, S.L.<\/strong> es reserva la potestat de retirar, sense previ av\u00eds, del lloc web o de la xarxa social corporativa aquells continguts que es consideren inadequats.<\/p>\n<p>En tot cas, si V\u00e8. remet informaci\u00f3 personal a trav\u00e9s de la xarxa social, <strong>INSTITUTE FOR TRANSFORMATIONAL LEADERSHIP, S.L. <\/strong>quedar\u00e0 exempt de responsabilitat en relaci\u00f3 a les mesures de seguretat aplicables a la present plataforma i l\u2019usuari, en cas de voler con\u00e8ixer-les, ha de consultar les corresponents condicions particulars de la xarxa en q\u00fcesti\u00f3.<\/p>\n<\/p>\n<p><strong>WHATSAPP<\/strong><\/p>\n<p>El tractament de les dades que es duguin a terme de les persones que realitzin una consulta a trav\u00e9s de WhatsApp d <strong>\u2018INSTITUTE FOR TRANSFORMATIONAL LEADERSHIP, S.L. <\/strong>es regir\u00e0 per aquest apartat, aix\u00ed com aquelles condicions d\u2019 \u00fas, pol\u00edtiques de privacitat i normatives d\u2019 acc\u00e9s que pertanyin a l\u2019 aplicaci\u00f3 que procedeixin en cada cas i acceptades pr\u00e8viament per l\u2019 usuari. <strong>INSTITUTE FOR TRANSFORMATIONAL LEADERSHIP, S.L. <\/strong>tractar\u00e0 les seves dades amb la finalitat d\u2019 administrar correctament la seva consulta, aix\u00ed com qualsevol altra finalitat de la gesti\u00f3 administrativa del servei. Les seves dades es comparteixen amb WhatsApp Ireland Limited, les mesures de seguretat t\u00e8cniques del qual asseguren la confidencialitat, integritat i disponibilitat de la seva informaci\u00f3, segons indica la seva pr\u00f2pia pol\u00edtica de privacitat. No es preveuen m\u00e9s cessions, llevat d\u2019 obligaci\u00f3 legal o requeriment judicial. Les teves dades es conservaran mentre duri la finalitat per a la qual s\u2019 han obtingut i, un cop ja no siguin necess\u00e0ries, es mantindran degudament bloquejats, arxivats i conservats durant el temps legalment establert. Queda prohibit l\u2019\u00fas del WhatsApp d\u2019 <strong>INSTITUTE FOR TRANSFORMATIONAL LEADERSHIP, S.L. <\/strong>per a l\u2019enviament de continguts que no siguin els necessaris per a la resposta a la consulta i que siguin il\u00b7l\u00edcits per la normativa nacional o internacional que atempti contra els drets fonamentals de les persones i en general que contravinguin els principis de legalitat, honradesa, responsabilitat, protecci\u00f3 de la vida privada, la protecci\u00f3 del consumidor i els drets de propietat intel\u00b7lectual i industrial.<\/p>\n<\/p>\n<p><strong>CANVIS EN LA PRESENT POL\u00cdTICA DE PRIVACITAT<\/strong><\/p>\n<p><strong>INSTITUTE FOR TRANSFORMATIONAL LEADERSHIP, S.L.<\/strong> es reserva el dret a modificar la present pol\u00edtica per adaptar-la a novetats legislatives o jurisprudencials.<\/p>\n<p><strong>REVOCABILITAT<\/strong><br \/>El consentiment prestat, tant pel tractament com per a la cessi\u00f3 de les dades dels interessats, \u00e9s revocable en qualsevol moment comunicant-ho a <strong>INSTITUTE FOR TRANSFORMATIONAL LEADERSHIP, S.L.<\/strong> en els termes que estableix aquesta Pol\u00edtica per a l\u2019exercici dels drets. Aquesta revocaci\u00f3 en cap cas tindr\u00e0 car\u00e0cter retroactiu.<\/p>\n<p><strong>LEGISLACI\u00d3<\/strong><\/p>\n<p>Amb car\u00e0cter general les relacions entre <strong>INSTITUTE FOR TRANSFORMATIONAL LEADERSHIP, S.L.<\/strong> amb els Usuaris dels seus serveis telem\u00e0tics, presents en aquesta web, estan sotmesos a la legislaci\u00f3 i jurisdicci\u00f3 espanyola a la qual se sotmeten expressament les parts, sent competents per a la resoluci\u00f3 de tots els conflictes derivats o relacionats amb el seu \u00fas, els Jutjats i Tribunals de <strong>Barcelona<\/strong>.<\/p><\/p>\n<\/div><\/div><\/div><\/div><\/div>\n","protected":false},"excerpt":{"rendered":"","protected":false},"author":1,"featured_media":0,"parent":0,"menu_order":0,"comment_status":"closed","ping_status":"closed","template":"","meta":{"footnotes":""},"class_list":["post-2601","page","type-page","status-publish","hentry"],"_links":{"self":[{"href":"https:\/\/fundacioniftl.org\/ca\/wp-json\/wp\/v2\/pages\/2601","targetHints":{"allow":["GET"]}}],"collection":[{"href":"https:\/\/fundacioniftl.org\/ca\/wp-json\/wp\/v2\/pages"}],"about":[{"href":"https:\/\/fundacioniftl.org\/ca\/wp-json\/wp\/v2\/types\/page"}],"author":[{"embeddable":true,"href":"https:\/\/fundacioniftl.org\/ca\/wp-json\/wp\/v2\/users\/1"}],"replies":[{"embeddable":true,"href":"https:\/\/fundacioniftl.org\/ca\/wp-json\/wp\/v2\/comments?post=2601"}],"version-history":[{"count":2,"href":"https:\/\/fundacioniftl.org\/ca\/wp-json\/wp\/v2\/pages\/2601\/revisions"}],"predecessor-version":[{"id":2603,"href":"https:\/\/fundacioniftl.org\/ca\/wp-json\/wp\/v2\/pages\/2601\/revisions\/2603"}],"wp:attachment":[{"href":"https:\/\/fundacioniftl.org\/ca\/wp-json\/wp\/v2\/media?parent=2601"}],"curies":[{"name":"wp","href":"https:\/\/api.w.org\/{rel}","templated":true}]}}